{"id":10515,"date":"2024-07-24T22:21:52","date_gmt":"2024-07-24T20:21:52","guid":{"rendered":"https:\/\/www.lepetitatelierdelily.fr\/?page_id=10515"},"modified":"2026-07-30T09:41:22","modified_gmt":"2026-07-30T07:41:22","slug":"isolants-pare-chaleurs-camping-car-fourgon-van","status":"publish","type":"page","link":"https:\/\/www.lepetitatelierdelily.fr\/?page_id=10515","title":{"rendered":"ISOLANTS CAMPING-CAR &#8211; FOURGONS &#8211; VANS"},"content":{"rendered":"<p>Je confectionne sur mesure vos isolants ext\u00e9rieurs pour camping-cars, fourgons, vans et caravanes. Adapt\u00e9s \u00e0 vos baies, lanterneaux et skyroof, ils sont r\u00e9alis\u00e9s selon les dimensions de votre v\u00e9hicule. Plusieurs finitions et options de personnalisation sont disponibles.<\/p>\n\n\n<p class=\"wp-block-paragraph is-layout-flow wp-block-column-is-layout-flow is-layout-flex wp-container-core-columns-is-layout-8f761849 wp-block-columns-is-layout-flex\"><em><a href=\"https:\/\/www.lepetitatelierdelily.fr\/?product=isolants-camping-car%20.\">Flocage personnalis\u00e9 (en option)<\/a><\/em><\/p>\n\n\n<figure><a href=\"https:\/\/www.lepetitatelierdelily.fr\/?product=isolants-camping-car%20.\"><img data-recalc-dims=\"1\" height=\"260\" width=\"300\" decoding=\"async\" src=\"https:\/\/i0.wp.com\/www.lepetitatelierdelily.fr\/wp-content\/uploads\/2025\/03\/485217818_1328387805158057_6553027610744110064_n.jpg?resize=300%2C260&#038;ssl=1\" alt=\"\"\/><\/a><\/figure>\n\n\n\n\n<p class=\"wp-block-paragraph is-layout-flow wp-block-column-is-layout-flow\"><em><a href=\"https:\/\/www.lepetitatelierdelily.fr\/?product=isolants-camping-car%20.\">Flocage personnalis\u00e9 (en option)<\/a><\/em><\/p>\n\n\n<figure><a href=\"https:\/\/www.lepetitatelierdelily.fr\/?product=isolants-camping-car%20.\"><img data-recalc-dims=\"1\" height=\"298\" width=\"300\" decoding=\"async\" src=\"https:\/\/i0.wp.com\/www.lepetitatelierdelily.fr\/wp-content\/uploads\/2024\/08\/453711861_2580894072097164_8741414981930326039_n-1.jpg?resize=300%2C298&#038;ssl=1\" alt=\"\"\/><\/a><\/figure>\n\n\n<p class=\"wp-block-paragraph\"><\/p>\n\n\n\n\n<p class=\"wp-block-paragraph is-layout-flow wp-block-column-is-layout-flow\"><em><a href=\"https:\/\/www.lepetitatelierdelily.fr\/?product=isolants-camping-car%20.\">Flocage Le petit Atelier de Lily<\/a><\/em><\/p>\n\n\n<figure><a href=\"https:\/\/www.lepetitatelierdelily.fr\/?product=isolants-camping-car%20.\"><img data-recalc-dims=\"1\" height=\"283\" width=\"300\" decoding=\"async\" src=\"https:\/\/i0.wp.com\/www.lepetitatelierdelily.fr\/wp-content\/uploads\/2024\/08\/452950921_26184295734547798_2601112443026468046_n-2.jpg?resize=300%2C283&#038;ssl=1\" alt=\"\"\/><\/a><\/figure>\n\n\n\n\n\n\n<p class=\"wp-block-paragraph is-layout-flow wp-block-column-is-layout-flow is-layout-flex wp-container-core-columns-is-layout-8f761849 wp-block-columns-is-layout-flex\"><em><a href=\"https:\/\/www.lepetitatelierdelily.fr\/?product=isolants-camping-car%20.\">Isolant skyroof trap\u00e9zoidal<\/a><\/em><\/p>\n\n\n<figure><a href=\"https:\/\/www.lepetitatelierdelily.fr\/?product=isolants-camping-car%20.\"><img data-recalc-dims=\"1\" height=\"242\" width=\"300\" decoding=\"async\" src=\"https:\/\/i0.wp.com\/www.lepetitatelierdelily.fr\/wp-content\/uploads\/2024\/07\/485193150_3643767672595278_3245365492997643458_n.jpg?resize=300%2C242&#038;ssl=1\" alt=\"\"\/><\/a><\/figure>\n\n\n\n\n<p class=\"wp-block-paragraph is-layout-flow wp-block-column-is-layout-flow\"><em><a href=\"https:\/\/www.lepetitatelierdelily.fr\/?product=isolants-camping-car%20.\">Porte avec ventouses<\/a><\/em><\/p>\n\n\n<figure><a href=\"https:\/\/www.lepetitatelierdelily.fr\/?product=isolants-camping-car%20.\"><img data-recalc-dims=\"1\" height=\"300\" width=\"225\" decoding=\"async\" src=\"https:\/\/i0.wp.com\/www.lepetitatelierdelily.fr\/wp-content\/uploads\/2025\/03\/486472504_1775014313414680_620997110788073333_n.jpg?resize=225%2C300&#038;ssl=1\" alt=\"\"\/><\/a><\/figure>\n\n\n\n\n<p class=\"wp-block-paragraph is-layout-flow wp-block-column-is-layout-flow\"><em><a href=\"https:\/\/www.lepetitatelierdelily.fr\/?product=isolants-camping-car%20.\">Avec \u00e9lastiques et ventouses<\/a><\/em><\/p>\n\n\n<figure><a href=\"https:\/\/www.lepetitatelierdelily.fr\/?product=isolants-camping-car%20.\"><img data-recalc-dims=\"1\" height=\"212\" width=\"300\" decoding=\"async\" src=\"https:\/\/i0.wp.com\/www.lepetitatelierdelily.fr\/wp-content\/uploads\/2025\/03\/485928451_676934521440982_7520433723477897902_n.jpg?resize=300%2C212&#038;ssl=1\" alt=\"\"\/><\/a><\/figure>\n\n\n\n\n\n\n<p class=\"wp-block-paragraph is-layout-flow wp-block-column-is-layout-flow is-layout-flex wp-container-core-columns-is-layout-8f761849 wp-block-columns-is-layout-flex\"><\/p>\n\n\n<figure><a href=\"https:\/\/www.lepetitatelierdelily.fr\/?product=isolants-camping-car%20.\"><img data-recalc-dims=\"1\" height=\"248\" width=\"300\" decoding=\"async\" src=\"https:\/\/i0.wp.com\/www.lepetitatelierdelily.fr\/wp-content\/uploads\/2024\/08\/453707368_1681125379386018_3153793456283315585_n.jpg?resize=300%2C248&#038;ssl=1\" alt=\"\"\/><\/a><\/figure>\n\n\n<p class=\"wp-block-paragraph\"><\/p>\n\n\n<p class=\"wp-block-paragraph\"><em><a href=\"https:\/\/www.lepetitatelierdelily.fr\/?product=isolants-camping-car%20.\">Isolants fourgon<\/a><\/em><\/p>\n\n\n<figure><a href=\"https:\/\/www.lepetitatelierdelily.fr\/?product=isolants-camping-car%20.\"><img data-recalc-dims=\"1\" height=\"225\" width=\"300\" decoding=\"async\" src=\"https:\/\/i0.wp.com\/www.lepetitatelierdelily.fr\/wp-content\/uploads\/2024\/07\/452477574_950316550439045_7790887952243698144_n.jpg?resize=300%2C225&#038;ssl=1\" alt=\"\"\/><\/a><\/figure>\n\n\n\n\n<p class=\"wp-block-paragraph is-layout-flow wp-block-column-is-layout-flow\"><\/p>\n\n\n<figure><a href=\"https:\/\/www.lepetitatelierdelily.fr\/?product=isolants-camping-car%20.\"><img data-recalc-dims=\"1\" height=\"225\" width=\"300\" decoding=\"async\" src=\"https:\/\/i0.wp.com\/www.lepetitatelierdelily.fr\/wp-content\/uploads\/2024\/08\/453522655_1496960275037009_493865853211609538_n.jpg?resize=300%2C225&#038;ssl=1\" alt=\"\"\/><\/a><\/figure>\n\n\n<p class=\"wp-block-paragraph\"><\/p>\n\n\n<p class=\"wp-block-paragraph\"><\/p>\n\n\n<p class=\"wp-block-paragraph\"><em><a href=\"https:\/\/www.lepetitatelierdelily.fr\/?product=isolants-camping-car%20.\">Isolants Camping-car<\/a><\/em><\/p>\n\n\n<figure><a href=\"https:\/\/www.lepetitatelierdelily.fr\/?product=isolants-camping-car%20.\"><img data-recalc-dims=\"1\" height=\"239\" width=\"300\" decoding=\"async\" src=\"https:\/\/i0.wp.com\/www.lepetitatelierdelily.fr\/wp-content\/uploads\/2024\/08\/453532108_3685828504973889_5701009456819089093_n.jpg?resize=300%2C239&#038;ssl=1\" alt=\"\"\/><\/a><\/figure>\n\n\n\n\n<p class=\"wp-block-paragraph is-layout-flow wp-block-column-is-layout-flow\"><\/p>\n\n\n<figure><a href=\"https:\/\/www.lepetitatelierdelily.fr\/?product=isolants-camping-car%20.\"><img data-recalc-dims=\"1\" height=\"257\" width=\"300\" decoding=\"async\" src=\"https:\/\/i0.wp.com\/www.lepetitatelierdelily.fr\/wp-content\/uploads\/2024\/07\/452448714_950316570439043_8113860649130815518_n.jpg?resize=300%2C257&#038;ssl=1\" alt=\"\"\/><\/a><\/figure>\n\n\n<p class=\"wp-block-paragraph\"><em><a href=\"https:\/\/www.lepetitatelierdelily.fr\/?product=isolants-camping-car%20.\">Isolants avec bavettes ~15cm     (en option)<\/a><\/em><\/p>\n\n\n<figure><img data-recalc-dims=\"1\" height=\"225\" width=\"300\" decoding=\"async\" src=\"https:\/\/i0.wp.com\/www.lepetitatelierdelily.fr\/wp-content\/uploads\/2025\/03\/484335878_670322642173463_5450236308179940071_n-1.jpg?resize=300%2C225&#038;ssl=1\" alt=\"\"\/><\/figure>\n\n\n\n\n\n\n<p class=\"wp-block-paragraph is-layout-flow wp-block-column-is-layout-flow is-layout-flex wp-container-core-columns-is-layout-8f761849 wp-block-columns-is-layout-flex\"><em><a href=\"https:\/\/www.lepetitatelierdelily.fr\/?product=isolants-camping-car%20.\">Housse plate<\/a><\/em><\/p>\n\n\n<figure><a href=\"https:\/\/www.lepetitatelierdelily.fr\/?product=isolants-camping-car%20.\"><img data-recalc-dims=\"1\" height=\"277\" width=\"300\" decoding=\"async\" src=\"https:\/\/i0.wp.com\/www.lepetitatelierdelily.fr\/wp-content\/uploads\/2024\/07\/450939931_944936054310428_3542152713789542584_n.jpg?resize=300%2C277&#038;ssl=1\" alt=\"\"\/><\/a><\/figure>\n\n\n\n\n<p class=\"wp-block-paragraph is-layout-flow wp-block-column-is-layout-flow\"><em><a href=\"https:\/\/www.lepetitatelierdelily.fr\/?product=isolants-camping-car%20.\">housse baluchon<\/a><\/em><\/p>\n\n\n<figure><a href=\"https:\/\/www.lepetitatelierdelily.fr\/?product=isolants-camping-car%20.\"><img data-recalc-dims=\"1\" height=\"300\" width=\"183\" decoding=\"async\" src=\"https:\/\/i0.wp.com\/www.lepetitatelierdelily.fr\/wp-content\/uploads\/2024\/08\/baluchon-4.jpg?resize=183%2C300&#038;ssl=1\" alt=\"\"\/><\/a><\/figure>\n\n\n\n\n<p class=\"wp-block-paragraph is-layout-flow wp-block-column-is-layout-flow\"><em><a href=\"https:\/\/www.lepetitatelierdelily.fr\/?product=isolants-camping-car%20.\">Housse Plate<\/a><\/em><\/p>\n\n\n<figure><a href=\"https:\/\/www.lepetitatelierdelily.fr\/?product=isolants-camping-car%20.\"><img data-recalc-dims=\"1\" height=\"233\" width=\"300\" decoding=\"async\" src=\"https:\/\/i0.wp.com\/www.lepetitatelierdelily.fr\/wp-content\/uploads\/2025\/03\/485401157_1025711279426617_5398470583988563124_n.jpg?resize=300%2C233&#038;ssl=1\" alt=\"\"\/><\/a><\/figure>\n\n\n","protected":false},"excerpt":{"rendered":"<p>Je confectionne sur mesure vos isolants ext\u00e9rieurs pour camping-cars, fourgons, vans et caravanes.<br \/> Adapt\u00e9s \u00e0 vos baies, lanterneaux et skyroof, ils sont r\u00e9alis\u00e9s selon les dimensions de votre v\u00e9hicule.<br \/> Plusieurs finitions et options de personnalisation sont disponibles.<br \/> Flocage personnalis\u00e9 (en option) Flocage personnalis\u00e9 (en option) Flocage Le petit Atelier de Lily Isolant skyroof trap\u00e9zoidal Porte avec ventouses Avec \u00e9lastiques et ventouses Isolants fourgon Isolants Camping-car Isolants avec bavettes ~15cm (en option) Housse plate housse baluchon Housse Plate<\/p>\n","protected":false},"author":1,"featured_media":0,"parent":0,"menu_order":0,"comment_status":"closed","ping_status":"closed","template":"","meta":{"remove_blocks_before_content":false,"remove_blocks_after_content":false,"disable_reading_progress_bar":false,"footnotes":""},"class_list":["post-10515","page","type-page","status-publish","hentry"],"yoast_head":"<!-- This site is optimized with the Yoast SEO plugin v28.4 - https:\/\/yoast.com\/product\/yoast-seo-wordpress\/ -->\n<title>ISOLANTS CAMPING-CAR - FOURGONS - VANS - Le petit atelier de Lily<\/title>\n<meta name=\"description\" content=\"Isolants confectionn\u00e9s sur mesure pour camping-cars, fourgons, vans et caravanes : baies, lanterneaux et skyroof. Demandez votre devis.\" \/>\n<meta name=\"robots\" content=\"index, follow, max-snippet:-1, max-image-preview:large, max-video-preview:-1\" \/>\n<link rel=\"canonical\" href=\"https:\/\/www.lepetitatelierdelily.fr\/?page_id=10515\" \/>\n<meta property=\"og:locale\" content=\"fr_FR\" \/>\n<meta property=\"og:type\" content=\"article\" \/>\n<meta property=\"og:title\" content=\"ISOLANTS CAMPING-CAR - FOURGONS - VANS - Le petit atelier de Lily\" \/>\n<meta property=\"og:description\" content=\"Isolants confectionn\u00e9s sur mesure pour camping-cars, fourgons, vans et caravanes : baies, lanterneaux et skyroof. Demandez votre devis.\" \/>\n<meta property=\"og:url\" content=\"https:\/\/www.lepetitatelierdelily.fr\/?page_id=10515\" \/>\n<meta property=\"og:site_name\" content=\"Le petit atelier de Lily\" \/>\n<meta property=\"article:publisher\" content=\"https:\/\/www.facebook.com\/lepetitatelierdelily\/?ref=bookmarks\" \/>\n<meta property=\"article:modified_time\" content=\"2026-07-30T07:41:22+00:00\" \/>\n<meta property=\"og:image\" content=\"https:\/\/www.lepetitatelierdelily.fr\/wp-content\/uploads\/2025\/03\/485217818_1328387805158057_6553027610744110064_n-300x260.jpg\" \/>\n<meta name=\"twitter:card\" content=\"summary_large_image\" \/>\n<meta name=\"twitter:label1\" content=\"Dur\u00e9e de lecture estim\u00e9e\" \/>\n\t<meta name=\"twitter:data1\" content=\"4 minutes\" \/>\n<script type=\"application\/ld+json\" class=\"yoast-schema-graph\">{\"@context\":\"https:\\\/\\\/schema.org\",\"@graph\":[{\"@type\":\"WebPage\",\"@id\":\"https:\\\/\\\/www.lepetitatelierdelily.fr\\\/?page_id=10515\",\"url\":\"https:\\\/\\\/www.lepetitatelierdelily.fr\\\/?page_id=10515\",\"name\":\"ISOLANTS CAMPING-CAR - FOURGONS - VANS - Le petit atelier de Lily\",\"isPartOf\":{\"@id\":\"https:\\\/\\\/www.lepetitatelierdelily.fr\\\/#website\"},\"primaryImageOfPage\":{\"@id\":\"https:\\\/\\\/www.lepetitatelierdelily.fr\\\/?page_id=10515#primaryimage\"},\"image\":{\"@id\":\"https:\\\/\\\/www.lepetitatelierdelily.fr\\\/?page_id=10515#primaryimage\"},\"thumbnailUrl\":\"https:\\\/\\\/www.lepetitatelierdelily.fr\\\/wp-content\\\/uploads\\\/2025\\\/03\\\/485217818_1328387805158057_6553027610744110064_n-300x260.jpg\",\"datePublished\":\"2024-07-24T20:21:52+00:00\",\"dateModified\":\"2026-07-30T07:41:22+00:00\",\"description\":\"Isolants confectionn\u00e9s sur mesure pour camping-cars, fourgons, vans et caravanes : baies, lanterneaux et skyroof. Demandez votre devis.\",\"breadcrumb\":{\"@id\":\"https:\\\/\\\/www.lepetitatelierdelily.fr\\\/?page_id=10515#breadcrumb\"},\"inLanguage\":\"fr-FR\",\"potentialAction\":[{\"@type\":\"ReadAction\",\"target\":[\"https:\\\/\\\/www.lepetitatelierdelily.fr\\\/?page_id=10515\"]}]},{\"@type\":\"ImageObject\",\"inLanguage\":\"fr-FR\",\"@id\":\"https:\\\/\\\/www.lepetitatelierdelily.fr\\\/?page_id=10515#primaryimage\",\"url\":\"https:\\\/\\\/i0.wp.com\\\/www.lepetitatelierdelily.fr\\\/wp-content\\\/uploads\\\/2025\\\/03\\\/485217818_1328387805158057_6553027610744110064_n.jpg?fit=2048%2C1772&ssl=1\",\"contentUrl\":\"https:\\\/\\\/i0.wp.com\\\/www.lepetitatelierdelily.fr\\\/wp-content\\\/uploads\\\/2025\\\/03\\\/485217818_1328387805158057_6553027610744110064_n.jpg?fit=2048%2C1772&ssl=1\",\"width\":2048,\"height\":1772},{\"@type\":\"BreadcrumbList\",\"@id\":\"https:\\\/\\\/www.lepetitatelierdelily.fr\\\/?page_id=10515#breadcrumb\",\"itemListElement\":[{\"@type\":\"ListItem\",\"position\":1,\"name\":\"Accueil\",\"item\":\"https:\\\/\\\/www.lepetitatelierdelily.fr\\\/\"},{\"@type\":\"ListItem\",\"position\":2,\"name\":\"ISOLANTS CAMPING-CAR &#8211; FOURGONS &#8211; VANS\"}]},{\"@type\":\"WebSite\",\"@id\":\"https:\\\/\\\/www.lepetitatelierdelily.fr\\\/#website\",\"url\":\"https:\\\/\\\/www.lepetitatelierdelily.fr\\\/\",\"name\":\"Le petit atelier de Lily\",\"description\":\"Les STRASS sont l\u00e0 de jour, comme de nuit !\",\"potentialAction\":[{\"@type\":\"SearchAction\",\"target\":{\"@type\":\"EntryPoint\",\"urlTemplate\":\"https:\\\/\\\/www.lepetitatelierdelily.fr\\\/?s={search_term_string}\"},\"query-input\":{\"@type\":\"PropertyValueSpecification\",\"valueRequired\":true,\"valueName\":\"search_term_string\"}}],\"inLanguage\":\"fr-FR\"}]}<\/script>\n<!-- \/ Yoast SEO plugin. -->","yoast_head_json":{"title":"ISOLANTS CAMPING-CAR - FOURGONS - VANS - Le petit atelier de Lily","description":"Isolants confectionn\u00e9s sur mesure pour camping-cars, fourgons, vans et caravanes : baies, lanterneaux et skyroof. Demandez votre devis.","robots":{"index":"index","follow":"follow","max-snippet":"max-snippet:-1","max-image-preview":"max-image-preview:large","max-video-preview":"max-video-preview:-1"},"canonical":"https:\/\/www.lepetitatelierdelily.fr\/?page_id=10515","og_locale":"fr_FR","og_type":"article","og_title":"ISOLANTS CAMPING-CAR - FOURGONS - VANS - Le petit atelier de Lily","og_description":"Isolants confectionn\u00e9s sur mesure pour camping-cars, fourgons, vans et caravanes : baies, lanterneaux et skyroof. Demandez votre devis.","og_url":"https:\/\/www.lepetitatelierdelily.fr\/?page_id=10515","og_site_name":"Le petit atelier de Lily","article_publisher":"https:\/\/www.facebook.com\/lepetitatelierdelily\/?ref=bookmarks","article_modified_time":"2026-07-30T07:41:22+00:00","og_image":[{"url":"https:\/\/www.lepetitatelierdelily.fr\/wp-content\/uploads\/2025\/03\/485217818_1328387805158057_6553027610744110064_n-300x260.jpg","type":"","width":"","height":""}],"twitter_card":"summary_large_image","twitter_misc":{"Dur\u00e9e de lecture estim\u00e9e":"4 minutes"},"schema":{"@context":"https:\/\/schema.org","@graph":[{"@type":"WebPage","@id":"https:\/\/www.lepetitatelierdelily.fr\/?page_id=10515","url":"https:\/\/www.lepetitatelierdelily.fr\/?page_id=10515","name":"ISOLANTS CAMPING-CAR - FOURGONS - VANS - Le petit atelier de Lily","isPartOf":{"@id":"https:\/\/www.lepetitatelierdelily.fr\/#website"},"primaryImageOfPage":{"@id":"https:\/\/www.lepetitatelierdelily.fr\/?page_id=10515#primaryimage"},"image":{"@id":"https:\/\/www.lepetitatelierdelily.fr\/?page_id=10515#primaryimage"},"thumbnailUrl":"https:\/\/www.lepetitatelierdelily.fr\/wp-content\/uploads\/2025\/03\/485217818_1328387805158057_6553027610744110064_n-300x260.jpg","datePublished":"2024-07-24T20:21:52+00:00","dateModified":"2026-07-30T07:41:22+00:00","description":"Isolants confectionn\u00e9s sur mesure pour camping-cars, fourgons, vans et caravanes : baies, lanterneaux et skyroof. Demandez votre devis.","breadcrumb":{"@id":"https:\/\/www.lepetitatelierdelily.fr\/?page_id=10515#breadcrumb"},"inLanguage":"fr-FR","potentialAction":[{"@type":"ReadAction","target":["https:\/\/www.lepetitatelierdelily.fr\/?page_id=10515"]}]},{"@type":"ImageObject","inLanguage":"fr-FR","@id":"https:\/\/www.lepetitatelierdelily.fr\/?page_id=10515#primaryimage","url":"https:\/\/i0.wp.com\/www.lepetitatelierdelily.fr\/wp-content\/uploads\/2025\/03\/485217818_1328387805158057_6553027610744110064_n.jpg?fit=2048%2C1772&ssl=1","contentUrl":"https:\/\/i0.wp.com\/www.lepetitatelierdelily.fr\/wp-content\/uploads\/2025\/03\/485217818_1328387805158057_6553027610744110064_n.jpg?fit=2048%2C1772&ssl=1","width":2048,"height":1772},{"@type":"BreadcrumbList","@id":"https:\/\/www.lepetitatelierdelily.fr\/?page_id=10515#breadcrumb","itemListElement":[{"@type":"ListItem","position":1,"name":"Accueil","item":"https:\/\/www.lepetitatelierdelily.fr\/"},{"@type":"ListItem","position":2,"name":"ISOLANTS CAMPING-CAR &#8211; FOURGONS &#8211; VANS"}]},{"@type":"WebSite","@id":"https:\/\/www.lepetitatelierdelily.fr\/#website","url":"https:\/\/www.lepetitatelierdelily.fr\/","name":"Le petit atelier de Lily","description":"Les STRASS sont l\u00e0 de jour, comme de nuit !","potentialAction":[{"@type":"SearchAction","target":{"@type":"EntryPoint","urlTemplate":"https:\/\/www.lepetitatelierdelily.fr\/?s={search_term_string}"},"query-input":{"@type":"PropertyValueSpecification","valueRequired":true,"valueName":"search_term_string"}}],"inLanguage":"fr-FR"}]}},"jetpack_sharing_enabled":true,"_links":{"self":[{"href":"https:\/\/www.lepetitatelierdelily.fr\/index.php?rest_route=\/wp\/v2\/pages\/10515","targetHints":{"allow":["GET"]}}],"collection":[{"href":"https:\/\/www.lepetitatelierdelily.fr\/index.php?rest_route=\/wp\/v2\/pages"}],"about":[{"href":"https:\/\/www.lepetitatelierdelily.fr\/index.php?rest_route=\/wp\/v2\/types\/page"}],"author":[{"embeddable":true,"href":"https:\/\/www.lepetitatelierdelily.fr\/index.php?rest_route=\/wp\/v2\/users\/1"}],"replies":[{"embeddable":true,"href":"https:\/\/www.lepetitatelierdelily.fr\/index.php?rest_route=%2Fwp%2Fv2%2Fcomments&post=10515"}],"version-history":[{"count":35,"href":"https:\/\/www.lepetitatelierdelily.fr\/index.php?rest_route=\/wp\/v2\/pages\/10515\/revisions"}],"predecessor-version":[{"id":27821,"href":"https:\/\/www.lepetitatelierdelily.fr\/index.php?rest_route=\/wp\/v2\/pages\/10515\/revisions\/27821"}],"wp:attachment":[{"href":"https:\/\/www.lepetitatelierdelily.fr\/index.php?rest_route=%2Fwp%2Fv2%2Fmedia&parent=10515"}],"curies":[{"name":"wp","href":"https:\/\/api.w.org\/{rel}","templated":true}]}}